{"id":1495,"date":"2019-06-24T23:00:21","date_gmt":"2019-06-24T21:00:21","guid":{"rendered":"http:\/\/www.ufukboy.com\/?page_id=1495"},"modified":"2019-09-22T17:48:09","modified_gmt":"2019-09-22T15:48:09","slug":"blog","status":"publish","type":"page","link":"http:\/\/www.ufukboy.com\/index.php\/blog\/","title":{"rendered":"Blog"},"content":{"rendered":"\n<p>22 Eyl\u00fcl\n2019 <\/p>\n\n\n\n<p>Bienno\ni\u00e7in haz\u0131rlad\u0131\u011f\u0131m projenin sonuna yakla\u015ft\u0131m, beklenmedik aksilikler olmaz ise\nEkim\u2019in ilk haftas\u0131nda bitecek. Rezidans program\u0131 i\u00e7in burada olan diger\nsanat\u00e7\u0131 dostlar programlar\u0131n\u0131 tamamlad\u0131, kimi sonraki \u00e7al\u0131\u015fma i\u00e7in baska \u015fehirlere\nkimileri ise ya\u015fad\u0131klar\u0131 \u015fehirlere geri d\u00f6nd\u00fc. Benim plan\u0131mda aksamalar olunca\ni\u015fim biraz uzad\u0131. 70 G\u00fcnde bitirmeyi planlam\u0131\u015ft\u0131m neredeyse 4 ay s\u00fcrecek.\nDeneysel say\u0131labilecek \u00e7al\u0131\u015fma oldu ; kaynak kullanmadan, ayn\u0131 kal\u0131nl\u0131kta tel&nbsp; ile ger\u00e7ek boyutta bir hayvan (Geyik) heykeli\n&nbsp;yap\u0131yorum. Bu ol\u00e7\u00fcler ile ilk kez \u00e7al\u0131st\u0131m,\ndolas\u0131yla nas\u0131l bir i\u015f \u00e7\u0131karaca\u011f\u0131m\u0131 bende merak ediyorum. Kolayla\u015ft\u0131r\u0131c\u0131 bir\nka\u00e7 yeni pratik geli\u015ftirdim. <\/p>\n\n\n\n<p>Geyik,\nmitoloji\u2019de do\u011fa, suyun koruyucusu, Artemis\u2019i temsil ediyor. Heykelin suya\nyak\u0131n bir yerde konumlanmas\u0131, sergilenmesinin anlaml\u0131 olaca\u011f\u0131 d\u00fc\u015f\u00fcncesiyle\netraf\u0131 ara\u015ft\u0131rd\u0131m. Nehir suyunu ilk donemlerde ah\u015fap, son d\u00f6nemde betondan\nyap\u0131lm\u0131\u015f kanal ile beldenin i\u00e7erisine ta\u015f\u0131yan bir hat yap\u0131lm\u0131\u015f ( Vaso re ) . Un\n\u00f6\u011f\u00fctme , demir i\u015fleme at\u00f6lyeleri bu hat \u00fczerinde konumlanm\u0131\u015f, bunlar g\u00fcncel\n\u00e7al\u0131\u015fmaya devam ediyorlar. 1970 Y\u0131l\u0131ndan g\u00fcn\u00fcm\u00fcze kadar 29 Adet demir at\u00f6lyesi,\n4 un de\u011firmeni \u00e7e\u015fitli tarihlerde bu sistem ile \u00e7al\u0131\u015fm\u0131\u015f. Kanal bu hatt\u0131n\ndevam\u0131nda&nbsp; \u00f6d\u00fcn\u00e7 ald\u0131\u011f\u0131 suyu &nbsp;tekrar nehire ak\u0131t\u0131yor. Burada ya\u015fayan bir yazar\nile tan\u0131\u015ft\u0131k, Benia Panteghini (Bienno 1943) . Yazar,&nbsp; \u2018Il 900 in Valgrigna\u2019 isimli kitab\u0131nda Vaso\nRe \u2018 yi ara\u015ft\u0131rm\u0131\u015f, 900 y\u0131l\u0131nda in\u015fa edilmeye ba\u015fland\u0131\u011f\u0131n\u0131 ve o g\u00fcnden g\u00fcn\u00fcm\u00fcze\nhikayesini aktarm\u0131\u015f. Bienno\u2019dakine ilaveten Camonica Vadisinde bulunan di\u011fer\nyerle\u015fim yerleri Esine,Prestine.Berzo\u2019daki&nbsp;\nbenzer yap\u0131lara de\u011finmi\u015f. <\/p>\n\n\n\n<p>Heykeli\nbahsettigim Vaso Re hatt\u0131na paralel kurulan Fucina At\u00f6lye-M\u00fczesi nin bah\u00e7esine\nkoymay\u0131 planl\u0131yorum. Oncesi stabilizasyon i\u00e7in bir kaide yapmam gerekli. Sonra\ntel\u2019in uzerine koruyucu bir malzeme kullanarak biraz daha korunakl\u0131 hale\ngetirmeliyim. Bunun i\u00e7in Daniella eskiden beri kullan\u0131lan geleneksel &nbsp;balmumu tekni\u011fini \u00f6nerdi. &nbsp;Birlikte deneyip , malzemenin \u00fczerinde bir\ntabaka olu\u015fturmaya \u00e7al\u0131\u015faca\u011f\u0131z.<\/p>\n\n\n\n<p>Sonbahar\nile birlikte g\u00fcn \u0131\u015f\u0131\u011f\u0131 azalmaya ba\u015flad\u0131, buraya gelen ziyaret\u00e7ilerde, \u015fimdi\ndaha sakin bir yer . Y\u00fcr\u00fcy\u00fc\u015f ve do\u011fa ile ba\u015fba\u015fa kalmak i\u00e7in biraz daha zaman\u0131m\nolacak. <\/p>\n\n\n\n<p>1 Temmuz 2019<\/p>\n\n\n\n<p>Bug\u00fcn Bienno\u2019nun&nbsp; Demir Muze-at\u00f6lyesini&nbsp; ziyaret ettim, epey eski bir at\u00f6lye olmasina ra\u011fmen hala kullan\u0131l\u0131yor. Devis burada usta demirciler tarafindan e\u011fitilerek geleneksel y\u00f6ntemi \u00f6\u011frenmi\u015f, \u015fimdi m\u00fczenin rehberi ve ustas\u0131 olmu\u015f. K\u00f6y\u00fcn yak\u0131n\u0131ndan ge\u00e7en nehir suyunu, k\u00fc\u00e7\u00fck bir kanal vas\u0131tas\u0131yla koy\u00fcn i\u00e7inden ge\u00e7irip, carklar vasitasiyla mekanik enerjiye d\u00f6n\u00fc\u015ft\u00fcrm\u00fc\u015fler, demire \u015fekil verme, ate\u015fi k\u00f6r\u00fckleme&nbsp; suyun itme g\u00fcc\u00fc ile yap\u0131l\u0131yor. Su ya\u015fam\u0131n koruyucusu, ayni kanal vas\u0131tas\u0131yla su nehir\u2019e d\u00f6nd\u00fcr\u00fcl\u00fcyor, b\u00f6ylece nehir yata\u011f\u0131 herhangi bir su kayb\u0131 olmadan dengesini muhafaza edebiliyor. <\/p>\n\n\n\n<figure class=\"wp-block-image\"><img loading=\"lazy\" width=\"225\" height=\"300\" src=\"http:\/\/www.ufukboy.com\/wp-content\/uploads\/2019\/07\/20190625_093334-e1562449012633-225x300.jpg\" alt=\"\" class=\"wp-image-1513\" srcset=\"http:\/\/www.ufukboy.com\/wp-content\/uploads\/2019\/07\/20190625_093334-e1562449012633-225x300.jpg 225w, http:\/\/www.ufukboy.com\/wp-content\/uploads\/2019\/07\/20190625_093334-e1562449012633-600x800.jpg 600w, http:\/\/www.ufukboy.com\/wp-content\/uploads\/2019\/07\/20190625_093334-e1562449012633.jpg 675w\" sizes=\"(max-width: 225px) 100vw, 225px\" \/><\/figure>\n\n\n<figure class=\"wp-block-image\"><img loading=\"lazy\" width=\"225\" height=\"300\" class=\"wp-image-1514\" src=\"http:\/\/www.ufukboy.com\/wp-content\/uploads\/2019\/07\/20190625_093409-e1562449386870-225x300.jpg\" alt=\"\"><\/figure>\n\n\n<p><\/p>\n\n\n\n<p>O\u011fleden sonra Cloudio Beorchia (\nVercelli , 1979) ile at\u00f6lyemde konu\u015ftuk, son sergisinden bahsetti. Italyan\u0131n \u00e7e\u015fitli\nkentlerinde bulunan Saint heykellerinin perspektifinden \u00e7ekti\u011fi landscape\nfoto\u011fraflar ile olu\u015fturmu\u015f: &nbsp;\u2018Tra cielo e\nterra\u2019 Cennet ve d\u00fcnya aras\u0131nda . &nbsp;Her\nzaman \u0131nsanlar\u0131n dikkatle bakt\u0131\u011f\u0131 , dilekte bulunup &nbsp;dua etti\u011fi heykellerin&nbsp; perspektifi olan g\u00f6rseller sergileniyor. <\/p>\n\n\n\n<p>\u2018Y\u00fczy\u0131llar boyunca on\u00fcmdeki\nmanzaraya bak\u0131yorum,bulutlar\u0131n , mevsimlerin akt\u0131\u011f\u0131n\u0131 g\u00f6rd\u00fcm, sonra evler\nb\u00fcy\u00fcyor, geni\u015fliyor.Ka\u00e7 kez yan\u0131mdan ge\u00e7tiniz ? Belki beni g\u00f6zlemlemek i\u00e7in\ndurdun, bana bir d\u00fc\u015f\u00fcnce veya dua adad\u0131n, belki bana bir \u00e7i\u00e7ek getirdin veya\nbir mum yakt\u0131n. Ama d\u00f6n\u00fcp hi\u00e7 ne g\u00f6rd\u00fc\u011f\u00fcm\u00fc izlemeye \u00e7al\u0131\u015ft\u0131nm\u0131?\u2019<\/p>\n\n\n\n<p>Sergi kitap\u00e7\u0131\u011f\u0131nda amac\u0131n\u0131 \u00f6zetlemi\u015f, &nbsp;Bolgeyi ke\u015ffetmek, etraf\u0131 g\u00f6zlemlemek i\u00e7in s\u00fcrekli d\u00f6n\u00fcs\u00fcmlerin fark\u0131nda olma ; birey ve topluluklar\u0131n tan\u0131d\u0131\u011f\u0131 maddi olmayan manevi ,k\u00fclt\u00fcrel de\u011ferleri yans\u0131tmak. <\/p>\n\n\n\n<figure class=\"wp-block-image\"><img loading=\"lazy\" width=\"1024\" height=\"768\" src=\"http:\/\/www.ufukboy.com\/wp-content\/uploads\/2019\/07\/20190702_083059-1024x768.jpg\" alt=\"\" class=\"wp-image-1525\"\/><figcaption>Civardaki antik duvar resimlerinden esinlerek yapilmis  guzel bir calisma .<\/figcaption><\/figure>\n\n\n\n<p>Ak\u015fam \u00fczeri s\u0131cak azalmaya\nba\u015flay\u0131nca y\u00fcr\u00fcy\u00fc\u015fe \u00e7\u0131kt\u0131m, meyva aga\u00e7lar\u0131 &nbsp;ve ba\u011flar ile d\u00fczenlenmi\u015f d\u00f6neme\u00e7li yollardan &nbsp;t\u0131rmanmaya ba\u015flad\u0131m, &nbsp;orman\u0131n i\u00e7i gayet serindi .<\/p>\n\n\n\n<figure class=\"wp-block-image\"><img loading=\"lazy\" width=\"1024\" height=\"768\" src=\"http:\/\/www.ufukboy.com\/wp-content\/uploads\/2019\/07\/20190705_191450-1024x768.jpg\" alt=\"\" class=\"wp-image-1516\"\/><\/figure>\n\n\n\n<p>Yan\u0131ba\u015fimizdaki da\u011f\u0131n en y\u00fcksek tepelerinden birtanesine ula\u015ftim , g\u00fcne\u015fi \u00f6n\u00fcndeki bulutlar perdelemi\u015f, batmak \u00fczere. Kalem ka\u011fit \u00e7ikarip birka\u00e7 peyzaj denemesi yapt\u0131m, sessizlik mi &nbsp;&nbsp;orman\u0131, orman m\u0131 sessizli\u011fi yutmu\u015f belirsiz. Bazen uzaktan kuzu sesleri geliyor. <\/p>\n\n\n\n<figure class=\"wp-block-image\"><img loading=\"lazy\" width=\"1024\" height=\"768\" src=\"http:\/\/www.ufukboy.com\/wp-content\/uploads\/2019\/07\/20190626_121429-1024x768.jpg\" alt=\"\" class=\"wp-image-1515\"\/><figcaption>Luca Cataldi, 2016,  &#8216;Una nuova vita&#8217;<br><br><\/figcaption><\/figure>\n\n\n\n<p style=\"text-align:left\">23 Haziran 2019<\/p>\n\n\n\n<p>Mascia ile Venato ve Lombardia\u2019nin s\u0131n\u0131r\u0131 say\u0131labilecek Garda g\u00f6l\u00fcn\u00fcn g\u00fcneyinden karayolu ile Bienno\u2019ya gidiyoruz . Alp da\u011flari, ye\u015filin tonlar\u0131, tepesinde karlar\u0131&nbsp; ile kar\u015f\u0131m\u0131zda. G\u00f6r\u00fclmemesi neredeyse imkans\u0131z y\u00fckseklikte dogal bir s\u0131n\u0131r \u00e7izgisi gibi uzan\u0131yor . <\/p>\n\n\n\n<figure class=\"wp-block-image\"><img loading=\"lazy\" width=\"1000\" height=\"750\" src=\"http:\/\/www.ufukboy.com\/wp-content\/uploads\/2019\/06\/20190624_105012.jpg\" alt=\"\" class=\"wp-image-1504\" srcset=\"http:\/\/www.ufukboy.com\/wp-content\/uploads\/2019\/06\/20190624_105012.jpg 1000w, http:\/\/www.ufukboy.com\/wp-content\/uploads\/2019\/06\/20190624_105012-300x225.jpg 300w, http:\/\/www.ufukboy.com\/wp-content\/uploads\/2019\/06\/20190624_105012-768x576.jpg 768w, http:\/\/www.ufukboy.com\/wp-content\/uploads\/2019\/06\/20190624_105012-600x450.jpg 600w\" sizes=\"(max-width: 1000px) 100vw, 1000px\" \/><\/figure>\n\n\n\n<p>Venedik-Milano karayolunda Brescia\u2019dan sonra Iseo g\u00f6l\u00fcne do\u011fru devam ediyoruz, daglar\u0131n i\u00e7inden ge\u00e7en uzun tunelleri katederek 4,5 saatte Bienno\u2019ya ula\u015ft\u0131k. Ilk izlenim ; Y\u00fcksek da\u011flar\u0131n aras\u0131nda, her taraftan buz gibi su f\u0131\u015fk\u0131ran ,g\u00fcnd\u00fcz s\u0131cak aksam serin bir k\u00f6y. Ge\u00e7mi\u015fte demir ile \u00e7ali\u015fan zanaatkarlar\u0131 me\u015fhur bir k\u00f6ym\u00fcs , bug\u00fcn&nbsp; bu &nbsp;at\u00f6lyelerin baz\u0131lar\u0131 sanat sergileme alan\u0131 olarak &nbsp;kullan\u0131l\u0131yor . <\/p>\n\n\n\n<figure class=\"wp-block-image\"><img loading=\"lazy\" width=\"700\" height=\"933\" src=\"http:\/\/www.ufukboy.com\/wp-content\/uploads\/2019\/06\/20190625_090101.jpg\" alt=\"\" class=\"wp-image-1505\" srcset=\"http:\/\/www.ufukboy.com\/wp-content\/uploads\/2019\/06\/20190625_090101.jpg 700w, http:\/\/www.ufukboy.com\/wp-content\/uploads\/2019\/06\/20190625_090101-225x300.jpg 225w, http:\/\/www.ufukboy.com\/wp-content\/uploads\/2019\/06\/20190625_090101-600x800.jpg 600w\" sizes=\"(max-width: 700px) 100vw, 700px\" \/><\/figure>\n\n\n\n<p>Bienno\u2019nun sanat olu\u015fumu \u2018Borgo Degli Artisti\u2019den Antonella kar\u015f\u0131lad\u0131 bizi, at\u00f6lyeleri gezdik , yerel sanat\/zanaat\u00e7ilar la tan\u0131\u015ft\u0131k , olu\u015fumun sergi ve at\u00f6lyelerinin&nbsp; bulundu\u011fu alanda \u2018Wunderkammer\u2019 sergi sunumunu izledik .<\/p>\n\n\n\n<figure class=\"wp-block-image\"><img loading=\"lazy\" width=\"600\" height=\"800\" src=\"http:\/\/www.ufukboy.com\/wp-content\/uploads\/2019\/06\/20190625_091636.jpg\" alt=\"\" class=\"wp-image-1507\" srcset=\"http:\/\/www.ufukboy.com\/wp-content\/uploads\/2019\/06\/20190625_091636.jpg 600w, http:\/\/www.ufukboy.com\/wp-content\/uploads\/2019\/06\/20190625_091636-225x300.jpg 225w\" sizes=\"(max-width: 600px) 100vw, 600px\" \/><\/figure>\n\n\n\n<p>Wundercammer, 16 -17 Yuzyillarda Alman gezginlerin dunyanin cesitli koselerinden tasidiklari ilgi cekici objeleri sergiledikleri odaya verdikleri isim . Sergi 3 sanatci ile acilis yapti, farkli ulkelerden Bienno\u2019ya gelen sanatcilarin calismalari eklenerek Eylul ayina kadar devam edecek.&nbsp;&nbsp; <\/p>\n\n\n\n<figure class=\"wp-block-image\"><img loading=\"lazy\" width=\"800\" height=\"600\" src=\"http:\/\/www.ufukboy.com\/wp-content\/uploads\/2019\/06\/20190625_091816-1.jpg\" alt=\"\" class=\"wp-image-1506\" srcset=\"http:\/\/www.ufukboy.com\/wp-content\/uploads\/2019\/06\/20190625_091816-1.jpg 800w, http:\/\/www.ufukboy.com\/wp-content\/uploads\/2019\/06\/20190625_091816-1-300x225.jpg 300w, http:\/\/www.ufukboy.com\/wp-content\/uploads\/2019\/06\/20190625_091816-1-768x576.jpg 768w, http:\/\/www.ufukboy.com\/wp-content\/uploads\/2019\/06\/20190625_091816-1-600x450.jpg 600w\" sizes=\"(max-width: 800px) 100vw, 800px\" \/><figcaption>Borgo degki artisti oluumunun sunum ve atolyeleri.<\/figcaption><\/figure>\n\n\n\n<p>Borgo degli artisti\u2019nin programi icin kasabaya gelen &nbsp;sanatcilar ile ogle yemegini birlikte yedik, bazilari\nprogramlarini bitirip donmek uzeredeydiler, izlenimlerini dinledik. <\/p>\n\n\n\n<p>Bienno Unesco\u2019nun korumaya aldigi yerlerden birisi, \u2018Italyanin en guzel koyleri\u2019 &nbsp;(Orange flag) unvani olan bir Koy. Dolayisiyla hafta sonlari turistik ziyaretlerin yogun , bu sebeble Daniela \u2018tatil gunu olarak Pazartesi\u2019yi sectiklerini soyledi . <\/p>\n\n\n\n<figure class=\"wp-block-image\"><img loading=\"lazy\" width=\"1024\" height=\"768\" src=\"http:\/\/www.ufukboy.com\/wp-content\/uploads\/2019\/06\/received_414851725785625-1024x768.jpeg\" alt=\"\" class=\"wp-image-1501\" srcset=\"http:\/\/www.ufukboy.com\/wp-content\/uploads\/2019\/06\/received_414851725785625-1024x768.jpeg 1024w, http:\/\/www.ufukboy.com\/wp-content\/uploads\/2019\/06\/received_414851725785625-300x225.jpeg 300w, http:\/\/www.ufukboy.com\/wp-content\/uploads\/2019\/06\/received_414851725785625-768x576.jpeg 768w, http:\/\/www.ufukboy.com\/wp-content\/uploads\/2019\/06\/received_414851725785625-600x450.jpeg 600w, http:\/\/www.ufukboy.com\/wp-content\/uploads\/2019\/06\/received_414851725785625.jpeg 1600w\" sizes=\"(max-width: 1024px) 100vw, 1024px\" \/><\/figure>\n\n\n\n<p>Mascia Sali gunu Rimini\u2019ye donuyor, ben bir aksilik olmazsa\nEylul ayina kadar Bienno\u2019da olacagim,&nbsp;\nburadan notlarimi paylasacagim . <\/p>\n\n\n\n<figure class=\"wp-block-embed\"><div class=\"wp-block-embed__wrapper\">\nhttp:\/\/www.bienno.info\/bin\/index.php?id=1&#038;lng=EN\n<\/div><\/figure>\n\n\n\n<p><\/p>\n","protected":false},"excerpt":{"rendered":"<p>22 Eyl\u00fcl 2019 Bienno i\u00e7in haz\u0131rlad\u0131\u011f\u0131m projenin sonuna yakla\u015ft\u0131m, beklenmedik aksilikler olmaz ise Ekim\u2019in ilk haftas\u0131nda bitecek. Rezidans program\u0131 i\u00e7in burada olan diger sanat\u00e7\u0131 dostlar programlar\u0131n\u0131 tamamlad\u0131, kimi sonraki \u00e7al\u0131\u015fma i\u00e7in baska \u015fehirlere kimileri ise ya\u015fad\u0131klar\u0131 \u015fehirlere geri d\u00f6nd\u00fc. Benim plan\u0131mda aksamalar olunca i\u015fim biraz uzad\u0131. 70 G\u00fcnde bitirmeyi planlam\u0131\u015ft\u0131m neredeyse 4 ay s\u00fcrecek. Deneysel say\u0131labilecek \u00e7al\u0131\u015fma oldu ; kaynak kullanmadan, ayn\u0131 kal\u0131nl\u0131kta tel&nbsp; ile ger\u00e7ek boyutta bir hayvan (Geyik) heykeli &nbsp;yap\u0131yorum. Bu ol\u00e7\u00fcler ile ilk kez \u00e7al\u0131st\u0131m, dolas\u0131yla nas\u0131l bir i\u015f \u00e7\u0131karaca\u011f\u0131m\u0131 bende merak ediyorum. Kolayla\u015ft\u0131r\u0131c\u0131 bir ka\u00e7 yeni pratik geli\u015ftirdim. Geyik, mitoloji\u2019de do\u011fa, suyun koruyucusu, Artemis\u2019i temsil ediyor. Heykelin suya yak\u0131n bir yerde konumlanmas\u0131, sergilenmesinin anlaml\u0131 olaca\u011f\u0131 d\u00fc\u015f\u00fcncesiyle etraf\u0131 ara\u015ft\u0131rd\u0131m. Nehir suyunu ilk donemlerde ah\u015fap, son d\u00f6nemde betondan yap\u0131lm\u0131\u015f kanal ile beldenin i\u00e7erisine ta\u015f\u0131yan bir hat yap\u0131lm\u0131\u015f ( Vaso re ) . Un \u00f6\u011f\u00fctme , demir i\u015fleme at\u00f6lyeleri bu hat \u00fczerinde konumlanm\u0131\u015f, bunlar g\u00fcncel \u00e7al\u0131\u015fmaya devam ediyorlar. 1970 Y\u0131l\u0131ndan g\u00fcn\u00fcm\u00fcze kadar 29 Adet demir at\u00f6lyesi, 4 un de\u011firmeni \u00e7e\u015fitli tarihlerde bu sistem ile \u00e7al\u0131\u015fm\u0131\u015f. Kanal bu hatt\u0131n devam\u0131nda&nbsp; \u00f6d\u00fcn\u00e7 ald\u0131\u011f\u0131 suyu &nbsp;tekrar nehire ak\u0131t\u0131yor. Burada ya\u015fayan bir yazar ile tan\u0131\u015ft\u0131k, Benia Panteghini (Bienno 1943) . Yazar,&nbsp; \u2018Il 900 in Valgrigna\u2019 isimli kitab\u0131nda Vaso Re \u2018 yi ara\u015ft\u0131rm\u0131\u015f, 900 [&hellip;]<\/p>\n","protected":false},"author":1,"featured_media":0,"parent":0,"menu_order":0,"comment_status":"closed","ping_status":"closed","template":"","meta":{"_s2mail":""},"_links":{"self":[{"href":"http:\/\/www.ufukboy.com\/index.php\/wp-json\/wp\/v2\/pages\/1495"}],"collection":[{"href":"http:\/\/www.ufukboy.com\/index.php\/wp-json\/wp\/v2\/pages"}],"about":[{"href":"http:\/\/www.ufukboy.com\/index.php\/wp-json\/wp\/v2\/types\/page"}],"author":[{"embeddable":true,"href":"http:\/\/www.ufukboy.com\/index.php\/wp-json\/wp\/v2\/users\/1"}],"replies":[{"embeddable":true,"href":"http:\/\/www.ufukboy.com\/index.php\/wp-json\/wp\/v2\/comments?post=1495"}],"version-history":[{"count":11,"href":"http:\/\/www.ufukboy.com\/index.php\/wp-json\/wp\/v2\/pages\/1495\/revisions"}],"predecessor-version":[{"id":1528,"href":"http:\/\/www.ufukboy.com\/index.php\/wp-json\/wp\/v2\/pages\/1495\/revisions\/1528"}],"wp:attachment":[{"href":"http:\/\/www.ufukboy.com\/index.php\/wp-json\/wp\/v2\/media?parent=1495"}],"curies":[{"name":"wp","href":"https:\/\/api.w.org\/{rel}","templated":true}]}}