{"id":339,"date":"2015-09-13T12:00:14","date_gmt":"2015-09-13T09:00:14","guid":{"rendered":"http:\/\/www.ufukboy.com\/?page_id=339"},"modified":"2018-05-23T11:01:52","modified_gmt":"2018-05-23T08:01:52","slug":"atelier-artelle","status":"publish","type":"page","link":"http:\/\/www.ufukboy.com\/index.php\/atelier-artelle\/","title":{"rendered":"Atel\u0131er Artelle"},"content":{"rendered":"<table id=\"aboutpage\" style=\"width: 80%; border: 0px !important; margin: 0px auto;\">\n<tbody>\n<tr>\n<td style=\"border: 0px !important;\">\n<p style=\"text-align: center;\"><img loading=\"lazy\" class=\"alignnone wp-image-340\" src=\"http:\/\/www.ufukboy.com\/wp-content\/uploads\/2015\/09\/11898587_806199392828196_8594542576523532554_n-300x165.jpg\" alt=\"11898587_806199392828196_8594542576523532554_n\" width=\"400\" height=\"220\" srcset=\"http:\/\/www.ufukboy.com\/wp-content\/uploads\/2015\/09\/11898587_806199392828196_8594542576523532554_n-300x165.jpg 300w, http:\/\/www.ufukboy.com\/wp-content\/uploads\/2015\/09\/11898587_806199392828196_8594542576523532554_n-600x330.jpg 600w, http:\/\/www.ufukboy.com\/wp-content\/uploads\/2015\/09\/11898587_806199392828196_8594542576523532554_n.jpg 960w\" sizes=\"(max-width: 400px) 100vw, 400px\" \/><\/p>\n<p>&nbsp;<\/p>\n<p>Artelle opened in March 2013. Our work place and exhibition spaces cover 40sqm. It\u2019s open from 10 am to 10 pm every day except Sundays for 12 months.<\/p>\n<p>On every April the 23<sup>rd<\/sup> Children\u2019s Festival, we exhibit children\u2019s art works which we recommend you to visit. By doing this, we are trying to give children art and exhibition experiences.<\/p>\n<p>We transfer atelier to Cesanatico -Italy at 9 May 2018, our New atelier adress; Via Fiorentina 70, Cesanatico -\u0130talya.<\/p>\n<hr class=\" type3\">\n<p>&nbsp;<\/p>\n<p style=\"text-align: left;\">Artelle 2013 y\u0131l\u0131 Mart ay\u0131nda\u00a0 faaliyete ge\u00e7ti. At\u00f6lye\u2019de\u00a0\u00a0 \u00e7al\u0131\u015fma ve sergi alan\u0131\u00a0 40m2 \u00a0i\u00e7erisinde yeral\u0131yor. \u00a012 ay a\u00e7\u0131k olan at\u00f6lye sabah saat 10.00\u2019da kap\u0131lar\u0131n\u0131 a\u00e7\u0131p\u00a0 ak\u015fam \u00a022.00\u2019de kapan\u0131yor. Pazar g\u00fcnleri dinleniyoruz kapal\u0131y\u0131z.<\/p>\n<p style=\"text-align: left;\">Artelle\u2019de 23 Nisan\u2019da \u00e7ocuklara \u00f6zel sergi a\u00e7\u0131l\u0131yor, minik kat\u0131l\u0131mc\u0131lar\u0131n yap\u0131tlar\u0131 ile renklendirdi\u011fi sergi\u00a0 farkl\u0131 bir yap\u0131ya sahip, g\u00f6rmenizi tavsiye ediyoruz. \u00c7ocuklara\u00a0 sanat ve sergileme deneyimi i\u00e7in bir alan yaratmak hedefleniyor.<\/p>\n<p>&nbsp;<\/p>\n<div class=\"photogrid\">\n<p><a href=\"http:\/\/www.ufukboy.com\/wp-content\/uploads\/2015\/09\/IMG_7222.jpg\"><img loading=\"lazy\" class=\"alignnone wp-image-346 size-medium\" src=\"http:\/\/www.ufukboy.com\/wp-content\/uploads\/2015\/09\/IMG_7222-300x169.jpg\" alt=\"\" width=\"300\" height=\"169\" srcset=\"http:\/\/www.ufukboy.com\/wp-content\/uploads\/2015\/09\/IMG_7222-300x169.jpg 300w, http:\/\/www.ufukboy.com\/wp-content\/uploads\/2015\/09\/IMG_7222-600x338.jpg 600w, http:\/\/www.ufukboy.com\/wp-content\/uploads\/2015\/09\/IMG_7222-1024x576.jpg 1024w\" sizes=\"(max-width: 300px) 100vw, 300px\" \/><\/a><\/p>\n<\/div>\n<div class=\"photogrid\">\n<p><a href=\"http:\/\/www.ufukboy.com\/wp-content\/uploads\/2015\/09\/IMG_7230.jpg\"><img loading=\"lazy\" class=\"alignnone wp-image-347 size-medium\" src=\"http:\/\/www.ufukboy.com\/wp-content\/uploads\/2015\/09\/IMG_7230-240x300.jpg\" alt=\"\" width=\"240\" height=\"300\" srcset=\"http:\/\/www.ufukboy.com\/wp-content\/uploads\/2015\/09\/IMG_7230-240x300.jpg 240w, http:\/\/www.ufukboy.com\/wp-content\/uploads\/2015\/09\/IMG_7230-600x751.jpg 600w, http:\/\/www.ufukboy.com\/wp-content\/uploads\/2015\/09\/IMG_7230-818x1024.jpg 818w\" sizes=\"(max-width: 240px) 100vw, 240px\" \/><\/a><\/p>\n<\/div>\n<div class=\"photogrid\">\n<p><a href=\"http:\/\/www.ufukboy.com\/wp-content\/uploads\/2015\/09\/IMG_7236.jpg\"><img loading=\"lazy\" class=\"alignnone wp-image-348 size-medium\" src=\"http:\/\/www.ufukboy.com\/wp-content\/uploads\/2015\/09\/IMG_7236-300x300.jpg\" alt=\"\" width=\"300\" height=\"300\" srcset=\"http:\/\/www.ufukboy.com\/wp-content\/uploads\/2015\/09\/IMG_7236-300x300.jpg 300w, http:\/\/www.ufukboy.com\/wp-content\/uploads\/2015\/09\/IMG_7236-100x100.jpg 100w, http:\/\/www.ufukboy.com\/wp-content\/uploads\/2015\/09\/IMG_7236-600x600.jpg 600w, http:\/\/www.ufukboy.com\/wp-content\/uploads\/2015\/09\/IMG_7236-150x150.jpg 150w, http:\/\/www.ufukboy.com\/wp-content\/uploads\/2015\/09\/IMG_7236-1024x1024.jpg 1024w\" sizes=\"(max-width: 300px) 100vw, 300px\" \/><\/a><\/p>\n<\/div>\n<p>&nbsp;<\/p>\n<p>&nbsp;<\/p>\n<div style=\"clear: both;\"><\/div>\n<p>&nbsp;<\/p>\n<p>We started a new pop-up exhibition concept in July 2015. The first participants were Bettina Franckenberg, Do\u011fu \u00c7ankaya and Ufuk Boy. The next will be in October 2015 with new participants.<\/p>\n<p>&nbsp;<\/p>\n<hr class=\" type3\">\n<p>&nbsp;<\/p>\n<p style=\"text-align: left;\">At\u00f6lye Artelle\u2019de Temmuz \u00a02015\u2019de \u00a0pop-up konsept\u2019inde \u00a0yeni bir sergi serisi ba\u015flad\u0131. Serinin ilkinde\u00a0 Bettina Franckenberg, Do\u011fu \u00c7ankaya\u00a0 ve Ufuk Boy\u2019un \u00a0sunumlar\u0131 \u00a0ilgi ile izlendi. Artelle sergileri farkl\u0131 sanat\u00e7\u0131lar ile devam edecek bir sonraki sergi Ekim 2015 de yap\u0131lacak .<\/p>\n<p>&nbsp;<\/p>\n<div class=\"photogrid\">\n<div id=\"attachment_342\" style=\"width: 235px\" class=\"wp-caption alignnone\"><img aria-describedby=\"caption-attachment-342\" loading=\"lazy\" class=\"wp-image-342 size-medium\" src=\"http:\/\/www.ufukboy.com\/wp-content\/uploads\/2015\/09\/IMG-20150730-WA0006-225x300.jpg\" alt=\"IMG-20150730-WA0006\" width=\"225\" height=\"300\" srcset=\"http:\/\/www.ufukboy.com\/wp-content\/uploads\/2015\/09\/IMG-20150730-WA0006-225x300.jpg 225w, http:\/\/www.ufukboy.com\/wp-content\/uploads\/2015\/09\/IMG-20150730-WA0006-600x800.jpg 600w, http:\/\/www.ufukboy.com\/wp-content\/uploads\/2015\/09\/IMG-20150730-WA0006-768x1024.jpg 768w, http:\/\/www.ufukboy.com\/wp-content\/uploads\/2015\/09\/IMG-20150730-WA0006.jpg 960w\" sizes=\"(max-width: 225px) 100vw, 225px\" \/><p id=\"caption-attachment-342\" class=\"wp-caption-text\">Do\u011fu \u00c7ankaya \/ Pervane<\/p><\/div>\n<\/div>\n<div class=\"photogrid\">\n<div id=\"attachment_345\" style=\"width: 319px\" class=\"wp-caption alignnone\"><img aria-describedby=\"caption-attachment-345\" loading=\"lazy\" class=\"wp-image-345\" src=\"http:\/\/www.ufukboy.com\/wp-content\/uploads\/2015\/09\/IMG-20150730-WA0022-300x291.jpg\" alt=\"IMG-20150730-WA0022\" width=\"309\" height=\"300\" srcset=\"http:\/\/www.ufukboy.com\/wp-content\/uploads\/2015\/09\/IMG-20150730-WA0022-300x291.jpg 300w, http:\/\/www.ufukboy.com\/wp-content\/uploads\/2015\/09\/IMG-20150730-WA0022-600x582.jpg 600w, http:\/\/www.ufukboy.com\/wp-content\/uploads\/2015\/09\/IMG-20150730-WA0022.jpg 718w\" sizes=\"(max-width: 309px) 100vw, 309px\" \/><p id=\"caption-attachment-345\" class=\"wp-caption-text\">Bettina Franckenberg \/ Kolaj<\/p><\/div>\n<\/div>\n<div class=\"photogrid\">\n<div id=\"attachment_344\" style=\"width: 235px\" class=\"wp-caption alignnone\"><img aria-describedby=\"caption-attachment-344\" loading=\"lazy\" class=\"wp-image-344 size-medium\" src=\"http:\/\/www.ufukboy.com\/wp-content\/uploads\/2015\/09\/IMG-20150730-WA0025-225x300.jpg\" alt=\"IMG-20150730-WA0025\" width=\"225\" height=\"300\" srcset=\"http:\/\/www.ufukboy.com\/wp-content\/uploads\/2015\/09\/IMG-20150730-WA0025-225x300.jpg 225w, http:\/\/www.ufukboy.com\/wp-content\/uploads\/2015\/09\/IMG-20150730-WA0025-600x800.jpg 600w, http:\/\/www.ufukboy.com\/wp-content\/uploads\/2015\/09\/IMG-20150730-WA0025-768x1024.jpg 768w, http:\/\/www.ufukboy.com\/wp-content\/uploads\/2015\/09\/IMG-20150730-WA0025.jpg 960w\" sizes=\"(max-width: 225px) 100vw, 225px\" \/><p id=\"caption-attachment-344\" class=\"wp-caption-text\">Ufuk Boy \/ Kapan\u0131\u015f I<\/p><\/div>\n<\/div>\n<\/td>\n<\/tr>\n<\/tbody>\n<\/table>\n<p>&#8212;&#8212;&#8212;&#8212;&#8212;&#8212;&#8212;&#8212;&#8212;&#8212;&#8212;&#8212;&#8212;&#8212;&#8212;&#8212;&#8212;&#8212;&#8212;&#8212;&#8212;&#8212;&#8212;&#8212;&#8212;&#8212;&#8212;&#8212;&#8212;&#8212;&#8212;&#8212;&#8212;&#8212;<br \/>\n23 Nisan 2016 At\u00f6lye Artelle \u2018de \u00e7ocuklar i\u00e7in Sanat At\u00f6lyeleri d\u00fczenledik;<br \/>\nAt\u0131k Malzeme at\u00f6lyesi: Lale Gink\u00f6k Erkanl\u0131<br \/>\nResim At\u00f6lyesi: Do\u011fu \u00c7ankaya<br \/>\nEl becerisi at\u00f6lyesi : Sibel Demirta\u015f<br \/>\nTel At\u00f6lyesi : Ufuk Boy<br \/>\n<a href=\"http:\/\/www.ufukboy.com\/wp-content\/uploads\/2015\/09\/20160423_151813-e1466620867169.jpg\" rel=\"attachment wp-att-966\"><img loading=\"lazy\" class=\"alignnone size-medium wp-image-966\" src=\"http:\/\/www.ufukboy.com\/wp-content\/uploads\/2015\/09\/20160423_151813-e1466620867169-169x300.jpg\" alt=\"20160423_151813\" width=\"169\" height=\"300\" srcset=\"http:\/\/www.ufukboy.com\/wp-content\/uploads\/2015\/09\/20160423_151813-e1466620867169-169x300.jpg 169w, http:\/\/www.ufukboy.com\/wp-content\/uploads\/2015\/09\/20160423_151813-e1466620867169-600x1066.jpg 600w, http:\/\/www.ufukboy.com\/wp-content\/uploads\/2015\/09\/20160423_151813-e1466620867169-768x1365.jpg 768w, http:\/\/www.ufukboy.com\/wp-content\/uploads\/2015\/09\/20160423_151813-e1466620867169-576x1024.jpg 576w\" sizes=\"(max-width: 169px) 100vw, 169px\" \/><\/a><\/p>\n<p><a href=\"http:\/\/www.ufukboy.com\/wp-content\/uploads\/2015\/09\/20160423_142913-e1466620934677.jpg\" rel=\"attachment wp-att-967\"><img loading=\"lazy\" class=\"alignnone size-medium wp-image-967\" src=\"http:\/\/www.ufukboy.com\/wp-content\/uploads\/2015\/09\/20160423_142913-e1466620906226-169x300.jpg\" alt=\"20160423_142913\" width=\"169\" height=\"300\" \/><\/a><\/p>\n<p><a href=\"http:\/\/www.ufukboy.com\/wp-content\/uploads\/2015\/09\/20160423_145326-e1466620959794.jpg\" rel=\"attachment wp-att-968\"><img loading=\"lazy\" class=\"alignnone size-medium wp-image-968\" src=\"http:\/\/www.ufukboy.com\/wp-content\/uploads\/2015\/09\/20160423_145326-300x169.jpg\" alt=\"20160423_145326\" width=\"300\" height=\"169\" \/><\/a><\/p>\n<p>&#8212;&#8212;&#8212;&#8212;&#8212;&#8212;&#8212;&#8212;&#8212;&#8212;&#8212;&#8212;&#8212;&#8212;&#8212;&#8212;&#8212;&#8212;&#8212;&#8212;&#8212;&#8212;&#8212;&#8212;&#8212;&#8212;&#8212;&#8212;&#8212;&#8212;&#8212;&#8212;&#8212;&#8212;&#8212;&#8212;<\/p>\n<p>Tel at\u00f6lyesi<br \/>\nG\u00fcn: \u00c7ar\u015famba veya Per\u015fembe<br \/>\nSaat: 14:00\/17:00 veya 19:30\/22:30<br \/>\n\u00c7al\u0131\u015fman\u0131n i\u00e7eri\u011fi : Tel \u00e7e\u015fitleri ve kullan\u0131lan el aletleri hakk\u0131nda bilgi.<br \/>\nDenge \u00e7al\u0131\u015fmas\u0131, Soyut bi\u00e7imler, 2 ve 3 boyutlu fig\u00fcr \u00fcretebilme .<br \/>\n<a href=\"http:\/\/www.ufukboy.com\/wp-content\/uploads\/2015\/09\/IMG_7014-e1458080417685.jpg\" rel=\"attachment wp-att-894\"><img loading=\"lazy\" class=\"alignnone size-medium wp-image-894\" src=\"http:\/\/www.ufukboy.com\/wp-content\/uploads\/2015\/09\/IMG_7014-300x300.jpg\" alt=\"IMG_7014\" width=\"300\" height=\"300\" \/><\/a><br \/>\nWire workshop<br \/>\nDay: Tuesday or Thursday<br \/>\nTime: 14: 00\/17: 00 or 19: 30\/22: 30<br \/>\nThe content of the work; It begins with information about Wires and used hand tools.<br \/>\nBalance work, abstract forms, 2 and 3-dimensional figures to produce.<br \/>\nA total of 10 hours, 500 TL.<br \/>\nHand tools and wire that will be used is included in the price.<\/p>\n<p><a href=\"http:\/\/www.ufukboy.com\/wp-content\/uploads\/2015\/09\/20160203_155724-e1458080789520.jpg\" rel=\"attachment wp-att-896\"><img loading=\"lazy\" class=\"alignnone size-medium wp-image-896\" src=\"http:\/\/www.ufukboy.com\/wp-content\/uploads\/2015\/09\/20160203_155724-300x169.jpg\" alt=\"20160203_155724\" width=\"300\" height=\"169\" \/><\/a><\/p>\n","protected":false},"excerpt":{"rendered":"<p>&nbsp; Artelle opened in March 2013. Our work place and exhibition spaces cover 40sqm. It\u2019s open from 10 am to 10 pm every day except Sundays for 12 months. On every April the 23rd Children\u2019s Festival, we exhibit children\u2019s art works which we recommend you to visit. By doing this, we are trying to give children art and exhibition experiences. We transfer atelier to Cesanatico -Italy at 9 May 2018, our New atelier adress; Via Fiorentina 70, Cesanatico -\u0130talya. &nbsp; Artelle 2013 y\u0131l\u0131 Mart ay\u0131nda\u00a0 faaliyete ge\u00e7ti. At\u00f6lye\u2019de\u00a0\u00a0 \u00e7al\u0131\u015fma ve sergi alan\u0131\u00a0 40m2 \u00a0i\u00e7erisinde yeral\u0131yor. \u00a012 ay a\u00e7\u0131k olan at\u00f6lye sabah saat 10.00\u2019da kap\u0131lar\u0131n\u0131 a\u00e7\u0131p\u00a0 ak\u015fam \u00a022.00\u2019de kapan\u0131yor. Pazar g\u00fcnleri dinleniyoruz kapal\u0131y\u0131z. Artelle\u2019de 23 Nisan\u2019da \u00e7ocuklara \u00f6zel sergi a\u00e7\u0131l\u0131yor, minik kat\u0131l\u0131mc\u0131lar\u0131n yap\u0131tlar\u0131 ile renklendirdi\u011fi sergi\u00a0 farkl\u0131 bir yap\u0131ya sahip, g\u00f6rmenizi tavsiye ediyoruz. \u00c7ocuklara\u00a0 sanat ve sergileme deneyimi i\u00e7in bir alan yaratmak hedefleniyor. &nbsp; &nbsp; &nbsp; &nbsp; We started a new pop-up exhibition concept in July 2015. The first participants were Bettina Franckenberg, Do\u011fu \u00c7ankaya and Ufuk Boy. The next will be in October 2015 with new participants. &nbsp; &nbsp; At\u00f6lye Artelle\u2019de Temmuz \u00a02015\u2019de \u00a0pop-up konsept\u2019inde \u00a0yeni bir sergi serisi ba\u015flad\u0131. Serinin ilkinde\u00a0 Bettina Franckenberg, Do\u011fu \u00c7ankaya\u00a0 ve Ufuk Boy\u2019un \u00a0sunumlar\u0131 [&hellip;]<\/p>\n","protected":false},"author":1,"featured_media":0,"parent":0,"menu_order":0,"comment_status":"open","ping_status":"open","template":"","meta":{"_s2mail":""},"_links":{"self":[{"href":"http:\/\/www.ufukboy.com\/index.php\/wp-json\/wp\/v2\/pages\/339"}],"collection":[{"href":"http:\/\/www.ufukboy.com\/index.php\/wp-json\/wp\/v2\/pages"}],"about":[{"href":"http:\/\/www.ufukboy.com\/index.php\/wp-json\/wp\/v2\/types\/page"}],"author":[{"embeddable":true,"href":"http:\/\/www.ufukboy.com\/index.php\/wp-json\/wp\/v2\/users\/1"}],"replies":[{"embeddable":true,"href":"http:\/\/www.ufukboy.com\/index.php\/wp-json\/wp\/v2\/comments?post=339"}],"version-history":[{"count":34,"href":"http:\/\/www.ufukboy.com\/index.php\/wp-json\/wp\/v2\/pages\/339\/revisions"}],"predecessor-version":[{"id":1178,"href":"http:\/\/www.ufukboy.com\/index.php\/wp-json\/wp\/v2\/pages\/339\/revisions\/1178"}],"wp:attachment":[{"href":"http:\/\/www.ufukboy.com\/index.php\/wp-json\/wp\/v2\/media?parent=339"}],"curies":[{"name":"wp","href":"https:\/\/api.w.org\/{rel}","templated":true}]}}